{"id":240,"date":"2017-03-07T13:21:22","date_gmt":"2017-03-07T13:21:22","guid":{"rendered":"http:\/\/grupored.inteligencia-web.com\/?page_id=240"},"modified":"2023-03-04T21:49:12","modified_gmt":"2023-03-04T21:49:12","slug":"home","status":"publish","type":"page","link":"https:\/\/artic.ba\/bs\/","title":{"rendered":"Home"},"content":{"rendered":"<div data-vc-full-width=\"true\" data-vc-full-width-init=\"false\" class=\"vc_row wpb_row vc_row-fluid vc_custom_1650569464151 vc_row-o-full-height vc_row-o-columns-middle vc_row-o-content-middle vc_row-flex vc-slider-bg vc-slider-bg-496507\" style=\"background-image:url(https:\/\/artic.ba\/wp-content\/uploads\/2022\/04\/skoda-fabia2.jpg);transition:background 1s linear 1s\"><div class=\"wpb_column vc_column_container vc_col-sm-12\"><div class=\"vc_column-inner\"><div class=\"wpb_wrapper\"><h1 style=\"font-size: 46px;color: #ffffff;line-height: 50px;text-align: left;font-family:Roboto;font-weight:900;font-style:normal\" class=\"vc_custom_heading text-shadow wpb_animate_when_almost_visible wpb_fadeInUp fadeInUp\" >Rent a Car Mostar Artic Trade<\/h1><h5 style=\"font-size: 30px;color: #ffffff;line-height: 36px;text-align: left;font-family:Roboto;font-weight:400;font-style:normal\" class=\"vc_custom_heading text-shadow wpb_animate_when_almost_visible wpb_fadeInDown fadeInDown vc_custom_1651095087202\" >U\u010dinite svoje putovanje fantasti\u010dnim<\/h5><div id=\"search123169\" class=\"vc_custom_1589367338597 box_shadow\">\t<form id=\"formElem\" name=\"formElem\" action=\"https:\/\/artic.ba\/bs\/booking-process\/\" method=\"post\" data-trp-original-action=\"https:\/\/artic.ba\/bs\/booking-process\/\">\r\n\t\t<div class=\"row search_form_row step1 inline_form\" id=\"search_form\">\r\n\t\t\t<div class=\"col-xs-12 col-sm-9 col-md-10\">\r\n\t\t\t\t<div class=\"row\">\r\n\t\t\t\t\t<div class=\"col-xxs-12 col-xs-6\">\r\n\t\t\t\t\t\t<div class=\"row\">\r\n\t\t\t\t\t\t\t\t\t\t\t\t\t\t\t<div class=\"col-xs-12 col-lg-6\">\r\n\t\t\t\t\t\t\t\t\t<span class=\"hidden-xs hidden-sm hidden-md form_title\">Lokacija preuzimanja<\/span>\r\n\t\t\t\t\t\t\t\t\t<span class=\"hidden-lg form_title\">Informacije o preuzimanju<\/span>\r\n\t\t\t\t\t\t\t\t\t\t\t\t\t\t\t\t\t\t\t<select name=\"pickup_location_id\" class=\"form-control pickup-location home-select\">\r\n\t\t\t\t\t\t\t\t\t\t\t<option value=\"0\" selected=\"selected\">Pick-Up City &amp; Location:<\/option><option value=\"4\">1. Artic Trade - Home - Mostarskog bataljona bb<\/option><option value=\"3\">2. Mostar Airport - Ortije\u0161 bb<\/option><option value=\"2\">3. Sarajevo City - Sarajevo bb<\/option><option value=\"1\">4. Sarajevo Airport - Kurta Schorka 36<\/option><option value=\"5\">5. Banja Luka Airport - Mahovljani bb<\/option><option value=\"6\">6. Me\u0111ugorje - Me\u0111ugorje bb<\/option><option value=\"8\">7. Tuzla Airport - Luke bb<\/option>\t\t\t\t\t\t\t\t\t\t<\/select>\r\n\t\t\t\t\t\t\t\t\t\t\t\t\t\t\t\t\t<\/div>\r\n\t\t\t\t\t\t\t\t\t\t\t\t\t\t\t\t\t\t\t\t\t\t<div class=\"col-xs-12 col-lg-6\">\r\n\t\t\t\t\t\t\t\t\t<span class=\"hidden-xs hidden-sm hidden-md form_title\">Datum preuzimanja<\/span>\r\n\t\t\t\t\t\t\t\t\t<div class=\"row\">\r\n\t\t\t\t\t\t\t\t\t\t<div class=\"col-xs-7 col-md-6 date top_margin-md\">\r\n\t\t\t\t\t\t\t\t\t\t\t\t\t\t\t\t\t\t\t\t\t\t\t<input type=\"text\" name=\"pickup_date\"\r\n\t\t\t\t\t\t\t\t\t\t\t\t\t   value=\"Date:\"\r\n\t\t\t\t\t\t\t\t\t\t\t\t\t   placeholder=\"Datum preuzimanja\"\r\n\t\t\t\t\t\t\t\t\t\t\t\t\t   class=\"pickup-date\"\r\n\t\t\t\t\t\t\t\t\t\t\t\t\t   readonly=\"readonly\" autocomplete=\"off\"\/>\r\n\t\t\t\t\t\t\t\t\t\t\t\t\t\t\t\t\t\t\t\t\t<\/div>\r\n\t\t\t\t\t\t\t\t\t\t<div class=\"col-xs-5 col-md-6 time top_margin-md\">\r\n\t\t\t\t\t\t\t\t\t\t\t\t\t\t\t\t\t\t\t\t\t\t\t<select class=\"hidden\" id=\"pickup_time_select\">\r\n\t\t\t\t\t\t\t\t\t\t\t\t\t<option value=\"00:00:00\">Pono\u0107<\/option><option value=\"00:30:00\">00:30<\/option><option value=\"01:00:00\">01:00<\/option><option value=\"01:30:00\">01:30<\/option><option value=\"02:00:00\">02:00<\/option><option value=\"02:30:00\">02:30<\/option><option value=\"03:00:00\">03:00<\/option><option value=\"03:30:00\">03:30<\/option><option value=\"04:00:00\">04:00<\/option><option value=\"04:30:00\">04:30<\/option><option value=\"05:00:00\">05:00<\/option><option value=\"05:30:00\">05:30<\/option><option value=\"06:00:00\">06:00<\/option><option value=\"06:30:00\">06:30<\/option><option value=\"07:00:00\">07:00<\/option><option value=\"07:30:00\">07:30<\/option><option value=\"08:00:00\">08:00<\/option><option value=\"08:30:00\">08:30<\/option><option value=\"09:00:00\">09:00<\/option><option value=\"09:30:00\">09:30<\/option><option value=\"10:00:00\">10:00<\/option><option value=\"10:30:00\">10:30<\/option><option value=\"11:00:00\">11:00<\/option><option value=\"11:30:00\">11:30<\/option><option value=\"12:00:00\" selected=\"selected\">Podne<\/option><option value=\"12:30:00\">12:30<\/option><option value=\"13:00:00\">13:00<\/option><option value=\"13:30:00\">13:30<\/option><option value=\"14:00:00\">14:00<\/option><option value=\"14:30:00\">14:30<\/option><option value=\"15:00:00\">15:00<\/option><option value=\"15:30:00\">15:30<\/option><option value=\"16:00:00\">16:00<\/option><option value=\"16:30:00\">16:30<\/option><option value=\"17:00:00\">17:00<\/option><option value=\"17:30:00\">17:30<\/option><option value=\"18:00:00\">18:00<\/option><option value=\"18:30:00\">18:30<\/option><option value=\"19:00:00\">19:00<\/option><option value=\"19:30:00\">19:30<\/option><option value=\"20:00:00\">20:00<\/option><option value=\"20:30:00\">20:30<\/option><option value=\"21:00:00\">21:00<\/option><option value=\"21:30:00\">21:30<\/option><option value=\"22:00:00\">22:00<\/option><option value=\"22:30:00\">22:30<\/option><option value=\"23:00:00\">23:00<\/option><option value=\"23:30:00\">23:30<\/option>\t\t\t\t\t\t\t\t\t\t\t\t<\/select>\r\n\t\t\t\t\t\t\t\t\t\t\t\t<input type=\"text\" class=\"pickup-time\" readonly>\r\n\t\t\t\t\t\t\t\t\t\t\t\t<input type=\"hidden\" name=\"pickup_time\" id=\"pickup_time\" value=\"\">\r\n\t\t\t\t\t\t\t\t\t\t\t\t\t\t\t\t\t\t\t\t\t<\/div>\r\n\t\t\t\t\t\t\t\t\t<\/div>\r\n\t\t\t\t\t\t\t\t<\/div>\r\n\t\t\t\t\t\t\t\t\t\t\t\t\t<\/div>\r\n\t\t\t\t\t<\/div>\r\n\t\t\t\t\t<div class=\"col-xxs-12 col-xs-6\">\r\n\t\t\t\t\t\t<div class=\"row\">\r\n\t\t\t\t\t\t\t\t\t\t\t\t\t\t\t<div class=\"col-xxs-12 col-xs-12 col-lg-6\">\r\n\t\t\t\t\t\t\t\t\t<span class=\"hidden-xs hidden-sm hidden-md form_title\">Lokacija povrata<\/span>\r\n\t\t\t\t\t\t\t\t\t<span class=\"hidden-lg form_title\">Informacije o povratu<\/span>\r\n\t\t\t\t\t\t\t\t\t\t\t\t\t\t\t\t\t\t\t\t\t\t\t\t\t\t\t\t\t\t<select name=\"return_location_id\"\r\n\t\t\t\t\t\t\t\t\t\t\t\t\tclass=\"form-control return-location home-select\">\r\n\t\t\t\t\t\t\t\t\t\t\t\t<option value=\"0\" selected=\"selected\">Lokacija povrata:<\/option><option value=\"4\">1. Artic Trade - Home - Mostarskog bataljona bb<\/option><option value=\"3\">2. Mostar Airport - Ortije\u0161 bb<\/option><option value=\"2\">3. Sarajevo City - Sarajevo bb<\/option><option value=\"1\">4. Sarajevo Airport - Kurta Schorka 36<\/option><option value=\"5\">5. Banja Luka Airport - Mahovljani bb<\/option><option value=\"6\">6. Me\u0111ugorje - Me\u0111ugorje bb<\/option><option value=\"8\">7. Tuzla Airport - Luke bb<\/option><option value=\"9\">8. Dubrovnik - Ul. Iva Vojnovi\u0107a 89<\/option><option value=\"10\">9. Split - Cesta Dr. Franje Tu\u0111mana 1270<\/option><option value=\"11\">10. Beograd - Aerodrom Beograd 59 \u0411\u0435\u043e\u0433\u0440\u0430\u0434<\/option>\t\t\t\t\t\t\t\t\t\t\t<\/select>\r\n\t\t\t\t\t\t\t\t\t\t\t\t\t\t\t\t\t\t\t\t\t\t\t\t\t\t\t<\/div>\r\n\t\t\t\t\t\t\t\t\t\t\t\t\t\t\t\t\t\t\t\t\t\t<div class=\"col-xxs-12 col-xs-12 col-lg-6\">\r\n                                <span class=\"hidden-xs hidden-sm hidden-md form_title\">\r\n                                    Datum povrata                                <\/span>\r\n\t\t\t\t\t\t\t\t\t<div class=\"row\">\r\n\t\t\t\t\t\t\t\t\t\t\t\t\t\t\t\t\t\t\t\t\t<div class=\"col-xs-7 col-md-6 date top_margin-md\">\r\n\t\t\t\t\t\t\t\t\t\t\t\t\t\t\t\t\t\t\t\t\t\t\t\t\t<input type=\"text\" name=\"return_date\" class=\"return-date\"\r\n\t\t\t\t\t\t\t\t\t\t\t\t\t\t   value=\"Date:\"\r\n\t\t\t\t\t\t\t\t\t\t\t\t\t\t   placeholder=\"Datum povrata\"\r\n\t\t\t\t\t\t\t\t\t\t\t\t\t\t   readonly=\"readonly\" autocomplete=\"off\"\/>\r\n\t\t\t\t\t\t\t\t\t\t\t\t\t\t\t\t\t\t\t\t\t\t\t<\/div>\r\n\t\t\t\t\t\t\t\t\t\t\t<div class=\"col-xs-5 col-md-6 time top_margin-md\">\r\n\t\t\t\t\t\t\t\t\t\t\t\t\t\t\t\t\t\t\t\t\t\t\t\t\t<select class=\"hidden\" id=\"return_time_select\">\r\n\t\t\t\t\t\t\t\t\t\t\t\t\t\t<option value=\"00:00:00\">Pono\u0107<\/option><option value=\"00:30:00\">00:30<\/option><option value=\"01:00:00\">01:00<\/option><option value=\"01:30:00\">01:30<\/option><option value=\"02:00:00\">02:00<\/option><option value=\"02:30:00\">02:30<\/option><option value=\"03:00:00\">03:00<\/option><option value=\"03:30:00\">03:30<\/option><option value=\"04:00:00\">04:00<\/option><option value=\"04:30:00\">04:30<\/option><option value=\"05:00:00\">05:00<\/option><option value=\"05:30:00\">05:30<\/option><option value=\"06:00:00\">06:00<\/option><option value=\"06:30:00\">06:30<\/option><option value=\"07:00:00\">07:00<\/option><option value=\"07:30:00\">07:30<\/option><option value=\"08:00:00\">08:00<\/option><option value=\"08:30:00\">08:30<\/option><option value=\"09:00:00\">09:00<\/option><option value=\"09:30:00\">09:30<\/option><option value=\"10:00:00\">10:00<\/option><option value=\"10:30:00\">10:30<\/option><option value=\"11:00:00\">11:00<\/option><option value=\"11:30:00\">11:30<\/option><option value=\"12:00:00\" selected=\"selected\">Podne<\/option><option value=\"12:30:00\">12:30<\/option><option value=\"13:00:00\">13:00<\/option><option value=\"13:30:00\">13:30<\/option><option value=\"14:00:00\">14:00<\/option><option value=\"14:30:00\">14:30<\/option><option value=\"15:00:00\">15:00<\/option><option value=\"15:30:00\">15:30<\/option><option value=\"16:00:00\">16:00<\/option><option value=\"16:30:00\">16:30<\/option><option value=\"17:00:00\">17:00<\/option><option value=\"17:30:00\">17:30<\/option><option value=\"18:00:00\">18:00<\/option><option value=\"18:30:00\">18:30<\/option><option value=\"19:00:00\">19:00<\/option><option value=\"19:30:00\">19:30<\/option><option value=\"20:00:00\">20:00<\/option><option value=\"20:30:00\">20:30<\/option><option value=\"21:00:00\">21:00<\/option><option value=\"21:30:00\">21:30<\/option><option value=\"22:00:00\">22:00<\/option><option value=\"22:30:00\">22:30<\/option><option value=\"23:00:00\">23:00<\/option><option value=\"23:30:00\">23:30<\/option>\t\t\t\t\t\t\t\t\t\t\t\t\t<\/select>\r\n\t\t\t\t\t\t\t\t\t\t\t\t\t<input type=\"text\" class=\"return-time\" readonly>\r\n\t\t\t\t\t\t\t\t\t\t\t\t\t<input type=\"hidden\" name=\"return_time\" id=\"return_time\" value=\"\">\r\n\t\t\t\t\t\t\t\t\t\t\t\t\t\t\t\t\t\t\t\t\t\t\t<\/div>\r\n\t\t\t\t\t\t\t\t\t\t\t\t\t\t\t\t\t\t\t<\/div>\r\n\t\t\t\t\t\t\t\t<\/div>\r\n\t\t\t\t\t\t\t\t\t\t\t\t\t<\/div>\r\n\t\t\t\t\t<\/div>\r\n\t\t\t\t<\/div>\r\n\t\t\t\t\t\t\t\t\t<div class=\"row\">\r\n\t\t\t\t\t\t<div class=\"col-xs-12 form-small-buttons\">\r\n\t\t\t\t\t\t\t\t\t\t\t\t\t\t\t<button type=\"button\" class=\"btn btn-xs\" onclick=\"showHideRow(this)\" data-id=\"filters\">\r\n\t\t\t\t\t\t\t\t\t<i class=\"fas fa-angle-down\"><\/i> Filters\t\t\t\t\t\t\t\t<\/button>\r\n\t\t\t\t\t\t\t\t\t\t\t\t\t\t\t\t\t\t\t\t\t\t<button type=\"button\" class=\"btn btn-xs\" onclick=\"showHideRow(this)\" data-id=\"codes\">\r\n\t\t\t\t\t\t\t\t\t<i class=\"fas fa-angle-down\"><\/i> Kupon kod\t\t\t\t\t\t\t\t<\/button>\r\n\t\t\t\t\t\t\t\t\t\t\t\t\t<\/div>\r\n\t\t\t\t\t<\/div>\r\n\t\t\t\t\t<div class=\"row\">\r\n\t\t\t\t\t\t\t\t\t\t\t\t\t\t\t\t\t\t\t\t\t\t\t\t\t<div class=\"col-xxs-12 col-xs-6 col-sm-6 col-md-3 filters soft-hide\">\r\n\t\t\t\t\t\t\t\t<span class=\"form_title\">Filters<\/span>\t\t\t\t\t\t\t\t\t\t\t\t\t\t\t\t\t<select name=\"class_id\" class=\"form-control body-type\">\r\n\t\t\t\t\t\t\t\t\t\t<option value=\"-1\" selected=\"selected\">Klasa:<\/option><option value=\"2\">Kompaktno<\/option><option value=\"1\">Limuzina<\/option><option value=\"3\">Karavan<\/option><option value=\"4\">Terenac<\/option><option value=\"5\">Kombi vozilo<\/option>\t\t\t\t\t\t\t\t\t<\/select>\r\n\t\t\t\t\t\t\t\t\t\t\t\t\t\t\t<\/div>\r\n\t\t\t\t\t\t\t\t\t\t\t\t\t\t\t\t\t\t\t\t\t\t\t\t\t<div class=\"col-xxs-12 col-xs-6 col-sm-6 col-md-3 filters soft-hide\">\r\n\t\t\t\t\t\t\t\t\t\t\t\t\t\t\t\t\t\t\t\t\t\t\t\t\t<select name=\"attribute_id1\" class=\"form-control fuel-type\">\r\n\t\t\t\t\t\t\t\t\t\t<option value=\"-1\" selected=\"selected\">Odaberite gorivo:<\/option><option value=\"2\">Diesel<\/option><option value=\"1\">Petrol<\/option>\t\t\t\t\t\t\t\t\t<\/select>\r\n\t\t\t\t\t\t\t\t\t\t\t\t\t\t\t<\/div>\r\n\t\t\t\t\t\t\t\t\t\t\t\t\t\t\t\t\t\t\t<div class=\"col-xxs-12 col-xs-6 col-sm-6 col-md-3 codes soft-hide\">\r\n\t\t\t\t\t\t\t\t<span class=\"form_title\">Coupon<\/span>\r\n\t\t\t\t\t\t\t\t<input type=\"text\" name=\"coupon_code\"\r\n\t\t\t\t\t\t\t\t\t   value=\"- I have coupon code -\"\r\n\t\t\t\t\t\t\t\t\t   class=\"coupon-code\" title=\"Kupon kod\"\r\n\t\t\t\t\t\t\t\t\t   onfocus=\"if(this.value === '- I have coupon code -') {this.value=''}\"\r\n\t\t\t\t\t\t\t\t\t   onblur=\"if(this.value === ''){this.value ='- I have coupon code -'}\"\/>\r\n\t\t\t\t\t\t\t<\/div>\r\n\t\t\t\t\t\t\t\t\t\t\t<\/div>\r\n\t\t\t\t\t\t\t<\/div>\r\n\t\t\t<div class=\"col-xs-12 col-sm-3 col-md-2 crs-form-submit\">\r\n\t\t\t\t<input type=\"hidden\" name=\"car_rental_came_from_step1\" value=\"yes\"\/>\r\n\t\t\t\t\t\t\t\t\t\t\t\t\t\t\t<button type=\"submit\" name=\"car_rental_do_search\"\r\n\t\t\t\t\t\t\t\tclass=\"car-rental-do-search\">Pretra\u017ei<\/button>\r\n\t\t\t\t\t\t\t\t\t\t\t\t<\/div>\r\n\t\t<\/div>\r\n\t<input type=\"hidden\" name=\"trp-form-language\" value=\"bs\"\/><\/form>\r\n<\/div><div class=\"vc_icon_element vc_icon_element-outer vc_custom_1577816984140 text-shadow vc_icon_element-align-center\"><div class=\"vc_icon_element-inner vc_icon_element-color-white vc_icon_element-size-lg vc_icon_element-style- vc_icon_element-background-color-grey\" ><span class=\"vc_icon_element-icon fas fa-chevron-down\" ><\/span><a class=\"vc_icon_element-link\" href=\"#!offers\"  title=\"\" target=\"_self\"><\/a><\/div><\/div><\/div><\/div><\/div><script type='text\/javascript'>\n       jQuery(document).ready(function () {\n            var interval = parseInt(4000);\n            if (interval > 0) {\n                \/\/ Set values\n                var vc_row = jQuery('.vc-slider-bg-496507');\n                var images = JSON.parse('[\"https:\\\/\\\/artic.ba\\\/wp-content\\\/uploads\\\/2022\\\/04\\\/skoda-fabia2.jpg\",\"https:\\\/\\\/artic.ba\\\/wp-content\\\/uploads\\\/2022\\\/04\\\/skoda-karoq.jpg\",\"https:\\\/\\\/artic.ba\\\/wp-content\\\/uploads\\\/2022\\\/04\\\/skoda-scala.jpg\"]');       \n                var counter = 0;\n                \/\/ Preload Images\n                jQuery(images).each(function (index) {\n                    if (index > 0) {\n                        jQuery('<img \/>').attr('src', this).appendTo('body').hide();\n                    }\n                });\n                \/\/ Set Delay\n                setInterval(function () {\n                   if( images.length > counter+1 ){                     \n                     \tcounter++;\n                   }else{\n                       counter = 0;\n                   }               \n                   jQuery(vc_row).css('background-image', 'url('+images[counter]+')');\n                }, interval);\n            }\n        });\n    <\/script><\/div><div class=\"vc_row-full-width vc_clearfix\"><\/div><div id=\"offers\" data-vc-full-width=\"true\" data-vc-full-width-init=\"false\" class=\"vc_row wpb_row vc_row-fluid vc_custom_1520616272141 vc_row-has-fill vc_row-o-full-height vc_row-o-columns-middle vc_row-flex vc-slider-bg vc-slider-bg-932526\"><div class=\"wpb_column vc_column_container vc_col-sm-12\"><div class=\"vc_column-inner\"><div class=\"wpb_wrapper\"><div class=\"fancy-title vc_custom_1571861410515 wpb_animate_when_almost_visible wpb_flipInX flipInX align_center\"><h2 class=\"vc_underline_title vc_title\">Na\u0161i automobili za iznajmljivanje<\/h2><div class=\"vc_underline secondary_color_background\"><\/div><\/div>\n\t<div class=\"wpb_text_column wpb_content_element  align_center\" >\n\t\t<div class=\"wpb_wrapper\">\n\t\t\t<p>Odaberite bilo koji od na\u0161ih istaknutih automobila<\/p>\n\n\t\t<\/div>\n\t<\/div>\n<div id=\"cars-slider736493\" class=\"vc_custom_1584148644432\"><div class=\"car-rental-slider car-rental-loading\">\r\n\t        <div class=\"responsive-cars-slider\">\r\n\t\t\t                <div>\r\n\t\t\t\t\t<div class=\"car-rental-item-image\"><a href=\"https:\/\/artic.ba\/bs\/car-model\/skoda-fabia\/\" title=\"View car model\"><img data-lazy=\"https:\/\/artic.ba\/wp-content\/uploads\/CarRentalGallery\/thumb_1650669546_skoda-fabia-1.png\" title=\"\u0160koda Fabia\" alt=\"\u0160koda Fabia\"><\/a><\/div><div class=\"car-rental-item-details\"><div class=\"car-rental-slider-bodytype-title\">Kompaktno<\/div><div class=\"car-rental-item-title underline full-width\"><a class=\"primary_color\" href=\"https:\/\/artic.ba\/bs\/car-model\/skoda-fabia\/\" title=\"View car model\">\u0160koda Fabia<\/a><\/div><div class=\"car-rental-item-prefix primary_color\">day From<\/div><div class=\"car-rental-item-price primary_color\">29&euro;<\/div><\/div>                <\/div>\r\n\t\t\t                <div>\r\n\t\t\t\t\t<div class=\"car-rental-item-image\"><a href=\"https:\/\/artic.ba\/bs\/car-model\/skoda-fabia-wagon\/\" title=\"View car model\"><img data-lazy=\"https:\/\/artic.ba\/wp-content\/uploads\/CarRentalGallery\/thumb_1650669705_skoda-fabia-wagon.png\" title=\"\u0160koda Fabia Wagon\" alt=\"\u0160koda Fabia Wagon\"><\/a><\/div><div class=\"car-rental-item-details\"><div class=\"car-rental-slider-bodytype-title\">Kompaktno<\/div><div class=\"car-rental-item-title underline full-width\"><a class=\"primary_color\" href=\"https:\/\/artic.ba\/bs\/car-model\/skoda-fabia-wagon\/\" title=\"View car model\">\u0160koda Fabia Wagon<\/a><\/div><div class=\"car-rental-item-prefix primary_color\">day From<\/div><div class=\"car-rental-item-price primary_color\">33&euro;<\/div><\/div>                <\/div>\r\n\t\t\t                <div>\r\n\t\t\t\t\t<div class=\"car-rental-item-image\"><a href=\"https:\/\/artic.ba\/bs\/car-model\/skoda-rapid\/\" title=\"View car model\"><img data-lazy=\"https:\/\/artic.ba\/wp-content\/uploads\/CarRentalGallery\/thumb_skoda-rapid.jpg\" title=\"\u0160koda Rapid\" alt=\"\u0160koda Rapid\"><\/a><\/div><div class=\"car-rental-item-details\"><div class=\"car-rental-slider-bodytype-title\">Limuzina<\/div><div class=\"car-rental-item-title underline full-width\"><a class=\"primary_color\" href=\"https:\/\/artic.ba\/bs\/car-model\/skoda-rapid\/\" title=\"View car model\">\u0160koda Rapid<\/a><\/div><div class=\"car-rental-item-prefix primary_color\">day From<\/div><div class=\"car-rental-item-price primary_color\">45&euro;<\/div><\/div>                <\/div>\r\n\t\t\t                <div>\r\n\t\t\t\t\t<div class=\"car-rental-item-image\"><a href=\"https:\/\/artic.ba\/bs\/car-model\/skoda-scala\/\" title=\"View car model\"><img data-lazy=\"https:\/\/artic.ba\/wp-content\/uploads\/CarRentalGallery\/thumb_1650670894_skoda-scala.png\" title=\"\u0160koda Scala\" alt=\"\u0160koda Scala\"><\/a><\/div><div class=\"car-rental-item-details\"><div class=\"car-rental-slider-bodytype-title\">Limuzina<\/div><div class=\"car-rental-item-title underline full-width\"><a class=\"primary_color\" href=\"https:\/\/artic.ba\/bs\/car-model\/skoda-scala\/\" title=\"View car model\">\u0160koda Scala<\/a><\/div><div class=\"car-rental-item-prefix primary_color\">day From<\/div><div class=\"car-rental-item-price primary_color\">45&euro;<\/div><\/div>                <\/div>\r\n\t\t\t                <div>\r\n\t\t\t\t\t<div class=\"car-rental-item-image\"><a href=\"https:\/\/artic.ba\/bs\/car-model\/skoda-octavia\/\" title=\"View car model\"><img data-lazy=\"https:\/\/artic.ba\/wp-content\/uploads\/CarRentalGallery\/thumb_skoda-octavia-Selection.png\" title=\"\u0160koda Octavia\" alt=\"\u0160koda Octavia\"><\/a><\/div><div class=\"car-rental-item-details\"><div class=\"car-rental-slider-bodytype-title\">Limuzina<\/div><div class=\"car-rental-item-title underline full-width\"><a class=\"primary_color\" href=\"https:\/\/artic.ba\/bs\/car-model\/skoda-octavia\/\" title=\"View car model\">\u0160koda Octavia<\/a><\/div><div class=\"car-rental-item-prefix primary_color\">day From<\/div><div class=\"car-rental-item-price primary_color\">64&euro;<\/div><\/div>                <\/div>\r\n\t\t\t                <div>\r\n\t\t\t\t\t<div class=\"car-rental-item-image\"><a href=\"https:\/\/artic.ba\/bs\/car-model\/skoda-superb\/\" title=\"View car model\"><img data-lazy=\"https:\/\/artic.ba\/wp-content\/uploads\/CarRentalGallery\/thumb_Skoda-Superb-ng-m67-introduction.png\" title=\"\u0160koda SuperB\" alt=\"\u0160koda SuperB\"><\/a><\/div><div class=\"car-rental-item-details\"><div class=\"car-rental-slider-bodytype-title\">Limuzina<\/div><div class=\"car-rental-item-title underline full-width\"><a class=\"primary_color\" href=\"https:\/\/artic.ba\/bs\/car-model\/skoda-superb\/\" title=\"View car model\">\u0160koda SuperB<\/a><\/div><div class=\"car-rental-item-prefix primary_color\">day From<\/div><div class=\"car-rental-item-price primary_color\">71&euro;<\/div><\/div>                <\/div>\r\n\t\t\t                <div>\r\n\t\t\t\t\t<div class=\"car-rental-item-image\"><a href=\"https:\/\/artic.ba\/bs\/car-model\/vw-passat\/\" title=\"View car model\"><img data-lazy=\"https:\/\/artic.ba\/wp-content\/uploads\/CarRentalGallery\/thumb_passat.png\" title=\"VW Passat\" alt=\"VW Passat\"><\/a><\/div><div class=\"car-rental-item-details\"><div class=\"car-rental-slider-bodytype-title\">Limuzina<\/div><div class=\"car-rental-item-title underline full-width\"><a class=\"primary_color\" href=\"https:\/\/artic.ba\/bs\/car-model\/vw-passat\/\" title=\"View car model\">VW Passat<\/a><\/div><div class=\"car-rental-item-prefix primary_color\">day From<\/div><div class=\"car-rental-item-price primary_color\">71&euro;<\/div><\/div>                <\/div>\r\n\t\t\t                <div>\r\n\t\t\t\t\t<div class=\"car-rental-item-image\"><a href=\"https:\/\/artic.ba\/bs\/car-model\/skoda-karoq\/\" title=\"View car model\"><img data-lazy=\"https:\/\/artic.ba\/wp-content\/uploads\/CarRentalGallery\/thumb_Skoda-Karoq2.png\" title=\"\u0160koda Karoq\" alt=\"\u0160koda Karoq\"><\/a><\/div><div class=\"car-rental-item-details\"><div class=\"car-rental-slider-bodytype-title\">Terenac<\/div><div class=\"car-rental-item-title underline full-width\"><a class=\"primary_color\" href=\"https:\/\/artic.ba\/bs\/car-model\/skoda-karoq\/\" title=\"View car model\">\u0160koda Karoq<\/a><\/div><div class=\"car-rental-item-prefix primary_color\">day From<\/div><div class=\"car-rental-item-price primary_color\">78&euro;<\/div><\/div>                <\/div>\r\n\t\t\t                <div>\r\n\t\t\t\t\t<div class=\"car-rental-item-image\"><a href=\"https:\/\/artic.ba\/bs\/car-model\/opel-vivaro\/\" title=\"View car model\"><img data-lazy=\"https:\/\/artic.ba\/wp-content\/plugins\/FleetManagement\/UI\/CarRental\/DemoGallery\/thumb_car_opel-vivaro.jpg\" title=\"Opel Vivaro\" alt=\"Opel Vivaro\"><\/a><\/div><div class=\"car-rental-item-details\"><div class=\"car-rental-slider-bodytype-title\">Kombi vozilo<\/div><div class=\"car-rental-item-title underline full-width\"><a class=\"primary_color\" href=\"https:\/\/artic.ba\/bs\/car-model\/opel-vivaro\/\" title=\"View car model\">Opel Vivaro<\/a><\/div><div class=\"car-rental-item-prefix primary_color\">day From<\/div><div class=\"car-rental-item-price primary_color\">87&euro;<\/div><\/div>                <\/div>\r\n\t\t\t        <\/div>\r\n\t<\/div><\/div><div class=\"vc_icon_element vc_icon_element-outer wpb_animate_when_almost_visible wpb_fadeInUpBig fadeInUpBig vc_icon_element-align-center\"><div class=\"vc_icon_element-inner vc_icon_element-color-secondary_color vc_icon_element-size-lg vc_icon_element-style- vc_icon_element-background-color-grey\" ><span class=\"vc_icon_element-icon fas fa-chevron-down\" ><\/span><a class=\"vc_icon_element-link\" href=\"#!our_brands\"  title=\"\" target=\"_self\"><\/a><\/div><\/div><\/div><\/div><\/div><\/div><div class=\"vc_row-full-width vc_clearfix\"><\/div><div id=\"our_brands\" data-vc-full-width=\"true\" data-vc-full-width-init=\"false\" class=\"vc_row wpb_row vc_row-fluid primary_color_background box_shadow vc_custom_1549238493153 vc-slider-bg vc-slider-bg-593474\"><div class=\"wpb_column vc_column_container vc_col-sm-12\"><div class=\"vc_column-inner\"><div class=\"wpb_wrapper\"><div class=\"fancy-title vc_custom_1555651353093 wpb_animate_when_almost_visible wpb_flipInX flipInX align_center\"><h2 class=\"vc_underline_title vc_title white\">Brendovi vozila<\/h2><div class=\"vc_underline secondary_color_background\"><\/div><\/div>\n\t<div class=\"wpb_text_column wpb_content_element  align_center white\" >\n\t\t<div class=\"wpb_wrapper\">\n\t\t\t<p>Radimo sa slede\u0107im <a href=\"https:\/\/en.wikipedia.org\/wiki\/List_of_car_brands\" target=\"_blank\" rel=\"noopener\">brendovima<\/a><\/p>\n\n\t\t<\/div>\n\t<\/div>\n<div class=\"vc_row wpb_row vc_inner vc_row-fluid\"><div class=\"wpb_column vc_column_container vc_col-sm-1\"><div class=\"vc_column-inner\"><div class=\"wpb_wrapper\"><\/div><\/div><\/div><div class=\"wpb_column vc_column_container vc_col-sm-10\"><div class=\"vc_column-inner\"><div class=\"wpb_wrapper\"><div id=\"manufacturers-slider714110\"><div class=\"car-rental-manufacturers-slider car-rental-loading\">\r\n\t        <div class=\"responsive-manufacturers-slider\">\r\n\t\t\t                <div>\r\n\t\t\t\t\t                        <div class=\"car-rental-manufacturer-logo\">\r\n                            <img data-lazy=\"https:\/\/artic.ba\/wp-content\/plugins\/FleetManagement\/UI\/CarRental\/DemoGallery\/thumb_manufacturer_opel-logo.png\"\r\n                                 title=\"Opel\"\r\n                                 alt=\"Opel\">\r\n                        <\/div>\r\n\t\t\t\t\t                <\/div>\r\n\t\t\t                <div>\r\n\t\t\t\t\t                        <div class=\"car-rental-manufacturer-logo\">\r\n                            <img data-lazy=\"https:\/\/artic.ba\/wp-content\/uploads\/CarRentalGallery\/thumb_manufacturer_1650669102_manufacturer_skoda.png\"\r\n                                 title=\"\u0160koda\"\r\n                                 alt=\"\u0160koda\">\r\n                        <\/div>\r\n\t\t\t\t\t                <\/div>\r\n\t\t\t                <div>\r\n\t\t\t\t\t                        <div class=\"car-rental-manufacturer-logo\">\r\n                            <img data-lazy=\"https:\/\/artic.ba\/wp-content\/plugins\/FleetManagement\/UI\/CarRental\/DemoGallery\/thumb_manufacturer_vw-logo.png\"\r\n                                 title=\"VW\"\r\n                                 alt=\"VW\">\r\n                        <\/div>\r\n\t\t\t\t\t                <\/div>\r\n\t\t\t        <\/div>\r\n\t<\/div><\/div><\/div><\/div><\/div><div class=\"wpb_column vc_column_container vc_col-sm-1\"><div class=\"vc_column-inner\"><div class=\"wpb_wrapper\"><\/div><\/div><\/div><\/div><div class=\"vc_icon_element vc_icon_element-outer wpb_animate_when_almost_visible wpb_fadeInUpBig fadeInUpBig vc_icon_element-align-center\"><div class=\"vc_icon_element-inner vc_icon_element-color-secondary_color vc_icon_element-size-lg vc_icon_element-style- vc_icon_element-background-color-grey\" ><span class=\"vc_icon_element-icon fas fa-chevron-down\" ><\/span><a class=\"vc_icon_element-link\" href=\"#!why_choose_us\"  title=\"\" target=\"_self\"><\/a><\/div><\/div><\/div><\/div><\/div><\/div><div class=\"vc_row-full-width vc_clearfix\"><\/div><div id=\"why_choose_us\" data-vc-full-width=\"true\" data-vc-full-width-init=\"false\" class=\"vc_row wpb_row vc_row-fluid vc_custom_1549239119565 vc_row-o-full-height vc_row-o-columns-middle vc_row-flex vc-slider-bg vc-slider-bg-56015\"><div class=\"wpb_column vc_column_container vc_col-sm-12\"><div class=\"vc_column-inner\"><div class=\"wpb_wrapper\"><div class=\"vc_row wpb_row vc_inner vc_row-fluid\"><div class=\"wpb_column vc_column_container vc_col-sm-12\"><div class=\"vc_column-inner\"><div class=\"wpb_wrapper\"><div class=\"fancy-title vc_custom_1571861427306 wpb_animate_when_almost_visible wpb_flipInX flipInX align_center\"><h2 class=\"vc_underline_title vc_title primary_color\">Za\u0161to odabrati nas<\/h2><div class=\"vc_underline secondary_color_background\"><\/div><\/div>\n\t<div class=\"wpb_text_column wpb_content_element  align_center\" >\n\t\t<div class=\"wpb_wrapper\">\n\t\t\t<p>Mi smo broj 1 u iznajmljivanju vrhunskih vozila<\/p>\n\n\t\t<\/div>\n\t<\/div>\n<\/div><\/div><\/div><\/div><div class=\"vc_row wpb_row vc_inner vc_row-fluid vc_custom_1549237347025 vc_row-o-equal-height vc_row-flex\"><div class=\"wpb_column vc_column_container vc_col-sm-4\"><div class=\"vc_column-inner\"><div class=\"wpb_wrapper\"><div class=\"vc_icon_element vc_icon_element-outer vc_custom_1549237052592 roll_effect wpb_animate_when_almost_visible wpb_flipInX flipInX vc_icon_element-align-center vc_icon_element-have-style\"><div class=\"vc_icon_element-inner vc_icon_element-color-white vc_icon_element-have-style-inner vc_icon_element-size-lg vc_icon_element-style-rounded-outline vc_icon_element-outline vc_icon_element-background-color-secondary_color_background\" ><span class=\"vc_icon_element-icon fa fa-life-ring\" ><\/span><\/div><\/div><div class=\"fancy-title wpb_animate_when_almost_visible wpb_flipInX flipInX align_center\"><h4 class=\"vc_underline_title vc_title black\">Osiguranje od odgovornosti za pobolj\u0161anje va\u0161e sigurnosti<\/h4><div class=\"vc_underline secondary_color_background\"><\/div><\/div>\n\t<div class=\"wpb_text_column wpb_content_element  align_center\" >\n\t\t<div class=\"wpb_wrapper\">\n\t\t\t<p>Putujte u miru sa nama. Nudimo osiguranje od gra\u0111anske odgovornosti za sva na\u0161a vozila, te sigurnosne opcije kao dje\u010dje sjedi\u0161te za smje\u0161taj cijele porodice.<\/p>\n\n\t\t<\/div>\n\t<\/div>\n<\/div><\/div><\/div><div class=\"wpb_column vc_column_container vc_col-sm-4\"><div class=\"vc_column-inner\"><div class=\"wpb_wrapper\"><div class=\"vc_icon_element vc_icon_element-outer vc_custom_1549237028841 roll_effect wpb_animate_when_almost_visible wpb_flipInX flipInX vc_icon_element-align-center vc_icon_element-have-style\"><div class=\"vc_icon_element-inner vc_icon_element-color-white vc_icon_element-have-style-inner vc_icon_element-size-lg vc_icon_element-style-rounded-outline vc_icon_element-outline vc_icon_element-background-color-secondary_color_background\" ><span class=\"vc_icon_element-icon fa fa-tachometer\" ><\/span><\/div><\/div><div class=\"fancy-title wpb_animate_when_almost_visible wpb_flipInX flipInX align_center\"><h4 class=\"vc_underline_title vc_title black\">Neograni\u010dena kilometra\u017ea na svim vozilima<\/h4><div class=\"vc_underline secondary_color_background\"><\/div><\/div>\n\t<div class=\"wpb_text_column wpb_content_element  align_center\" >\n\t\t<div class=\"wpb_wrapper\">\n\t\t\t<p>U\u017eivajte u svom putovanju ne razmi\u0161ljaju\u0107i koliko kilometara mo\u017eete da vozite, jer imate neograni\u010denu kilometra\u017eu da biste imali zadovoljavaju\u0107e iskustvo.<\/p>\n\n\t\t<\/div>\n\t<\/div>\n<\/div><\/div><\/div><div class=\"wpb_column vc_column_container vc_col-sm-4\"><div class=\"vc_column-inner\"><div class=\"wpb_wrapper\"><div class=\"vc_icon_element vc_icon_element-outer vc_custom_1549237022885 roll_effect wpb_animate_when_almost_visible wpb_flipInX flipInX vc_icon_element-align-center vc_icon_element-have-style\"><div class=\"vc_icon_element-inner vc_icon_element-color-white vc_icon_element-have-style-inner vc_icon_element-size-lg vc_icon_element-style-rounded-outline vc_icon_element-outline vc_icon_element-background-color-secondary_color_background\" ><span class=\"vc_icon_element-icon fa fa-map-marker\" ><\/span><\/div><\/div><div class=\"fancy-title wpb_animate_when_almost_visible wpb_flipInX flipInX align_center\"><h4 class=\"vc_underline_title vc_title primary_color\">Pokupite automobil na \u017eeljenoj lokaciji<\/h4><div class=\"vc_underline secondary_color_background\"><\/div><\/div>\n\t<div class=\"wpb_text_column wpb_content_element  align_center\" >\n\t\t<div class=\"wpb_wrapper\">\n\t\t\t<p class=\" translation-block\">Odaberite \u017eeljenu lokaciju na obrascu za pretragu. Ako ne mo\u017eete prona\u0107i \u017eeljenu lokaciju, molimo <a href=\"\/contact\/\" target=\"_self\">kontaktirajte nas<\/a> za prilago\u0111ene cijene.<\/p>\n\n\t\t<\/div>\n\t<\/div>\n<\/div><\/div><\/div><\/div><div class=\"vc_icon_element vc_icon_element-outer wpb_animate_when_almost_visible wpb_fadeInUpBig fadeInUpBig vc_icon_element-align-center\"><div class=\"vc_icon_element-inner vc_icon_element-color-secondary_color vc_icon_element-size-lg vc_icon_element-style- vc_icon_element-background-color-grey\" ><span class=\"vc_icon_element-icon fas fa-chevron-down\" ><\/span><a class=\"vc_icon_element-link\" href=\"#!book_now\"  title=\"\" target=\"_self\"><\/a><\/div><\/div><\/div><\/div><\/div><\/div><div class=\"vc_row-full-width vc_clearfix\"><\/div><div id=\"book_now\" data-vc-full-width=\"true\" data-vc-full-width-init=\"false\" class=\"vc_row wpb_row vc_row-fluid secondary_color_background vc_custom_1549245821064 vc-slider-bg vc-slider-bg-802235\"><div class=\"wpb_column vc_column_container vc_col-sm-12\"><div class=\"vc_column-inner\"><div class=\"wpb_wrapper\"><div class=\"vc_row wpb_row vc_inner vc_row-fluid\"><div class=\"wpb_column vc_column_container vc_col-sm-2\"><div class=\"vc_column-inner\"><div class=\"wpb_wrapper\"><\/div><\/div><\/div><div class=\"wpb_column vc_column_container vc_col-sm-8\"><div class=\"vc_column-inner\"><div class=\"wpb_wrapper\"><div class=\"fancy-title vc_custom_1571861513072 wpb_animate_when_almost_visible wpb_flipInX flipInX align_center\"><h2 class=\"vc_underline_title vc_title white\">Napravite svoju online rezervaciju sada<\/h2><div class=\"vc_underline white\"><\/div><\/div>\n\t<div class=\"wpb_text_column wpb_content_element  align_center white\" >\n\t\t<div class=\"wpb_wrapper\">\n\t\t\t<p>Jedan od na\u0161ih operatera \u0107e Vas kontaktirati u najkra\u0107em mogu\u0107em roku kako bi potvrdili Va\u0161e podatke<\/p>\n\n\t\t<\/div>\n\t<\/div>\n<div class=\"vc_btn3-container vc_btn3-center\" ><a class=\"vc_general vc_btn3 vc_btn3-size-md vc_btn3-shape-rounded vc_btn3-style-flat vc_btn3-icon-left vc_btn3-color-black\" href=\"#!page\" title=\"\"><i class=\"vc_btn3-icon fa fa-calendar-plus-o\"><\/i> Rezervirajte sada online<\/a><\/div><\/div><\/div><\/div><div class=\"wpb_column vc_column_container vc_col-sm-2\"><div class=\"vc_column-inner\"><div class=\"wpb_wrapper\"><\/div><\/div><\/div><\/div><\/div><\/div><\/div><\/div><div class=\"vc_row-full-width vc_clearfix\"><\/div><div id=\"deals\" class=\"vc_row wpb_row vc_row-fluid vc_custom_1549241326250 vc_row-o-full-height vc_row-o-columns-middle vc_row-flex vc-slider-bg vc-slider-bg-839561\"><div class=\"wpb_column vc_column_container vc_col-sm-12\"><div class=\"vc_column-inner\"><div class=\"wpb_wrapper\"><div class=\"fancy-title vc_custom_1571861465547 wpb_animate_when_almost_visible wpb_flipInX flipInX align_center\"><h2 class=\"vc_underline_title vc_title primary_color\">Ekskluzivne ponude<\/h2><div class=\"vc_underline secondary_color_background\"><\/div><\/div>\n\t<div class=\"wpb_text_column wpb_content_element  align_center\" >\n\t\t<div class=\"wpb_wrapper\">\n\t\t\t<p>Iskoristite na\u0161e promocije prije nego \u0161to isteknu<\/p>\n\n\t\t<\/div>\n\t<\/div>\n\n<div class=\"vc_grid-container-wrapper vc_clearfix vc_grid-animation-fadeIn\">\n\t<div class=\"vc_grid-container vc_clearfix wpb_content_element vc_basic_grid vc_custom_1651098301024\" data-initial-loading-animation=\"fadeIn\" data-vc-grid-settings=\"{&quot;page_id&quot;:240,&quot;style&quot;:&quot;all&quot;,&quot;action&quot;:&quot;vc_get_vc_grid_data&quot;,&quot;shortcode_id&quot;:&quot;1651097615998-45b54154-d1f0-7&quot;,&quot;tag&quot;:&quot;vc_basic_grid&quot;}\" data-vc-request=\"https:\/\/artic.ba\/wp-admin\/admin-ajax.php\" data-vc-post-id=\"240\" data-vc-public-nonce=\"069f8bec52\">\n\t\t<style data-type=\"vc_shortcodes-custom-css\">.vc_custom_1419240595465{background-color: #f9f9f9 !important;}.vc_custom_1419240793832{background-color: rgba(0,0,0,0.3) !important;*background-color: rgb(0,0,0) !important;}.vc_custom_1564534658479{padding-right: 25px !important;padding-left: 25px !important;}<\/style><div class=\"vc_grid vc_row vc_grid-gutter-30px vc_pageable-wrapper vc_hook_hover\" data-vc-pageable-content=\"true\"><div class=\"vc_pageable-slide-wrapper vc_clearfix\" data-vc-grid-content=\"true\"><div class=\"vc_grid-item vc_clearfix vc_col-sm-4 vc_grid-item-zone-c-bottom\"><div class=\"vc_grid-item-mini vc_clearfix\"><div class=\"vc_gitem-animated-block  vc_gitem-animate vc_gitem-animate-scaleRotateIn\"  data-vc-animation=\"scaleRotateIn\"><div class=\"vc_gitem-zone vc_gitem-zone-a vc-gitem-zone-height-mode-auto vc-gitem-zone-height-mode-auto-16-9 vc_gitem-is-link\" style=\"background-image: url('https:\/\/artic.ba\/wp-content\/uploads\/2019\/02\/opel-vivaro-back-500x313.jpg') !important;\"><a href=\"https:\/\/artic.ba\/bs\/rent-a-ford-fiesta-and-get-20-off\/\" title=\"Iznajmite Opel Vivaro i ostvarite 20% popusta!\" class=\"vc_gitem-link vc-zone-link\" ><\/a><img decoding=\"async\" src=\"https:\/\/artic.ba\/wp-content\/uploads\/2019\/02\/opel-vivaro-back-500x313.jpg\" class=\"vc_gitem-zone-img\" alt=\"Najam vozila Mostar\"><div class=\"vc_gitem-zone-mini\"><\/div><\/div><div class=\"vc_gitem-zone vc_gitem-zone-b vc_custom_1419240793832 vc-gitem-zone-height-mode-auto vc_gitem-is-link\"><a href=\"https:\/\/artic.ba\/bs\/rent-a-ford-fiesta-and-get-20-off\/\" title=\"Iznajmite Opel Vivaro i ostvarite 20% popusta!\" class=\"vc_gitem-link vc-zone-link\" ><\/a><div class=\"vc_gitem-zone-mini\"><\/div><\/div><\/div><div class=\"vc_gitem-zone vc_gitem-zone-c vc_custom_1419240595465\"><div class=\"vc_gitem-zone-mini\"><div class=\"vc_gitem_row vc_row vc_gitem-row-position-top\"><div class=\"vc_col-sm-12 vc_gitem-col vc_gitem-col-align- vc_custom_1564534658479\"><div class=\"vc_custom_heading vc_gitem-post-data vc_gitem-post-data-source-post_title\" ><h4 style=\"text-align: left\" >Iznajmite Opel Vivaro i ostvarite 20% popusta!<\/h4><\/div><div class=\"vc_custom_heading vc_gitem-post-data vc_gitem-post-data-source-post_excerpt\" ><p style=\"text-align: left\" ><p>Ponuda va\u017ei za rezervacije du\u017ee od 10 dana, u bilo koje doba godine.<\/p>\n<\/p><\/div><div class=\"vc_btn3-container vc_btn3-left\"><a class=\"vc_general vc_btn3 vc_btn3-size-md vc_btn3-shape-rounded vc_btn3-style-button vc_btn3-color-theme\" a href=\"https:\/\/artic.ba\/bs\/rent-a-ford-fiesta-and-get-20-off\/\" title=\"Vi\u0161e info\">Vi\u0161e info<\/a><\/div><\/div><\/div><\/div><\/div><\/div><div class=\"vc_clearfix\"><\/div><\/div><div class=\"vc_grid-item vc_clearfix vc_col-sm-4 vc_grid-item-zone-c-bottom\"><div class=\"vc_grid-item-mini vc_clearfix\"><div class=\"vc_gitem-animated-block  vc_gitem-animate vc_gitem-animate-scaleRotateIn\"  data-vc-animation=\"scaleRotateIn\"><div class=\"vc_gitem-zone vc_gitem-zone-a vc-gitem-zone-height-mode-auto vc-gitem-zone-height-mode-auto-16-9 vc_gitem-is-link\" style=\"background-image: url('https:\/\/artic.ba\/wp-content\/uploads\/2019\/02\/Skoda-Karoq-inside-500x333.jpg') !important;\"><a href=\"https:\/\/artic.ba\/bs\/rent-any-suv-and-get-10-off\/\" title=\"Iznajmite bilo koji SUV i ostvarite 10% popusta!\" class=\"vc_gitem-link vc-zone-link\" ><\/a><img decoding=\"async\" src=\"https:\/\/artic.ba\/wp-content\/uploads\/2019\/02\/Skoda-Karoq-inside-500x333.jpg\" class=\"vc_gitem-zone-img\" alt=\"Renta Car Mostar\"><div class=\"vc_gitem-zone-mini\"><\/div><\/div><div class=\"vc_gitem-zone vc_gitem-zone-b vc_custom_1419240793832 vc-gitem-zone-height-mode-auto vc_gitem-is-link\"><a href=\"https:\/\/artic.ba\/bs\/rent-any-suv-and-get-10-off\/\" title=\"Iznajmite bilo koji SUV i ostvarite 10% popusta!\" class=\"vc_gitem-link vc-zone-link\" ><\/a><div class=\"vc_gitem-zone-mini\"><\/div><\/div><\/div><div class=\"vc_gitem-zone vc_gitem-zone-c vc_custom_1419240595465\"><div class=\"vc_gitem-zone-mini\"><div class=\"vc_gitem_row vc_row vc_gitem-row-position-top\"><div class=\"vc_col-sm-12 vc_gitem-col vc_gitem-col-align- vc_custom_1564534658479\"><div class=\"vc_custom_heading vc_gitem-post-data vc_gitem-post-data-source-post_title\" ><h4 style=\"text-align: left\" >Iznajmite bilo koji SUV i ostvarite 10% popusta!<\/h4><\/div><div class=\"vc_custom_heading vc_gitem-post-data vc_gitem-post-data-source-post_excerpt\" ><p style=\"text-align: left\" ><p>Ponuda va\u017ei za rezervacije du\u017ee od 5 dana, od januara do marta.<\/p>\n<\/p><\/div><div class=\"vc_btn3-container vc_btn3-left\"><a class=\"vc_general vc_btn3 vc_btn3-size-md vc_btn3-shape-rounded vc_btn3-style-button vc_btn3-color-theme\" a href=\"https:\/\/artic.ba\/bs\/rent-any-suv-and-get-10-off\/\" title=\"Vi\u0161e info\">Vi\u0161e info<\/a><\/div><\/div><\/div><\/div><\/div><\/div><div class=\"vc_clearfix\"><\/div><\/div><div class=\"vc_grid-item vc_clearfix vc_col-sm-4 vc_grid-item-zone-c-bottom\"><div class=\"vc_grid-item-mini vc_clearfix\"><div class=\"vc_gitem-animated-block  vc_gitem-animate vc_gitem-animate-scaleRotateIn\"  data-vc-animation=\"scaleRotateIn\"><div class=\"vc_gitem-zone vc_gitem-zone-a vc-gitem-zone-height-mode-auto vc-gitem-zone-height-mode-auto-16-9 vc_gitem-is-link\" style=\"background-image: url('https:\/\/artic.ba\/wp-content\/uploads\/2019\/02\/skoda-superb-back-500x313.jpg') !important;\"><a href=\"https:\/\/artic.ba\/bs\/rent-a-citroen-c5-and-get-15-off\/\" title=\"Iznajmite \u0160kodu SuperB i ostvarite 15% popusta!\" class=\"vc_gitem-link vc-zone-link\" ><\/a><img decoding=\"async\" src=\"https:\/\/artic.ba\/wp-content\/uploads\/2019\/02\/skoda-superb-back-500x313.jpg\" class=\"vc_gitem-zone-img\" alt=\"Car rental\"><div class=\"vc_gitem-zone-mini\"><\/div><\/div><div class=\"vc_gitem-zone vc_gitem-zone-b vc_custom_1419240793832 vc-gitem-zone-height-mode-auto vc_gitem-is-link\"><a href=\"https:\/\/artic.ba\/bs\/rent-a-citroen-c5-and-get-15-off\/\" title=\"Iznajmite \u0160kodu SuperB i ostvarite 15% popusta!\" class=\"vc_gitem-link vc-zone-link\" ><\/a><div class=\"vc_gitem-zone-mini\"><\/div><\/div><\/div><div class=\"vc_gitem-zone vc_gitem-zone-c vc_custom_1419240595465\"><div class=\"vc_gitem-zone-mini\"><div class=\"vc_gitem_row vc_row vc_gitem-row-position-top\"><div class=\"vc_col-sm-12 vc_gitem-col vc_gitem-col-align- vc_custom_1564534658479\"><div class=\"vc_custom_heading vc_gitem-post-data vc_gitem-post-data-source-post_title\" ><h4 style=\"text-align: left\" >Iznajmite \u0160kodu SuperB i ostvarite 15% popusta!<\/h4><\/div><div class=\"vc_custom_heading vc_gitem-post-data vc_gitem-post-data-source-post_excerpt\" ><p style=\"text-align: left\" ><p>Ponuda va\u017ei za rezervacije du\u017ee od 3 dana, od januara do marta.<\/p>\n<\/p><\/div><div class=\"vc_btn3-container vc_btn3-left\"><a class=\"vc_general vc_btn3 vc_btn3-size-md vc_btn3-shape-rounded vc_btn3-style-button vc_btn3-color-theme\" a href=\"https:\/\/artic.ba\/bs\/rent-a-citroen-c5-and-get-15-off\/\" title=\"Vi\u0161e info\">Vi\u0161e info<\/a><\/div><\/div><\/div><\/div><\/div><\/div><div class=\"vc_clearfix\"><\/div><\/div><\/div><\/div>\n\t<\/div>\n<\/div><div class=\"vc_icon_element vc_icon_element-outer wpb_animate_when_almost_visible wpb_fadeInUpBig fadeInUpBig vc_icon_element-align-center\"><div class=\"vc_icon_element-inner vc_icon_element-color-secondary_color vc_icon_element-size-lg vc_icon_element-style- vc_icon_element-background-color-grey\" ><span class=\"vc_icon_element-icon fas fa-chevron-down\" ><\/span><a class=\"vc_icon_element-link\" href=\"#!reviews\"  title=\"\" target=\"_self\"><\/a><\/div><\/div><\/div><\/div><\/div><\/div><div id=\"reviews\" data-vc-full-width=\"true\" data-vc-full-width-init=\"false\" class=\"vc_row wpb_row vc_row-fluid secondary_color_background box_shadow vc_row-o-full-height vc_row-o-columns-middle vc_row-flex vc-slider-bg vc-slider-bg-132576\"><div class=\"wpb_column vc_column_container vc_col-sm-12\"><div class=\"vc_column-inner\"><div class=\"wpb_wrapper\"><div class=\"fancy-title vc_custom_1571861478274 wpb_animate_when_almost_visible wpb_flipInX flipInX align_center\"><h2 class=\"vc_underline_title vc_title white\">\u0160ta ka\u017eu na\u0161i klijenti<\/h2><div class=\"vc_underline white\"><\/div><\/div>\n\t<div class=\"wpb_text_column wpb_content_element  align_center white\" >\n\t\t<div class=\"wpb_wrapper\">\n\t\t\t<p>Prave kritike sa na\u0161ih dru\u0161tvenih mre\u017ea<\/p>\n\n\t\t<\/div>\n\t<\/div>\n\n\t<div class=\"wpb_text_column wpb_content_element\" >\n\t\t<div class=\"wpb_wrapper\">\n\t\t\t<div class=\"ti-widget ti-goog\" data-layout-id=\"4\" data-set-id=\"light-background\" data-pid=\"\" data-pager-autoplay-timeout=\"6\" data-review-target-width=\"300\" data-language=\"en\" > <div class=\"ti-widget-container ti-col-3\"> <div class=\"ti-reviews-container\"> <div class=\"ti-controls\"> <div class=\"ti-next\"><\/div> <div class=\"ti-prev\"><\/div> <\/div> <div class=\"ti-reviews-container-wrapper\">  <div data-empty=\"0\" class=\"ti-review-item source-Google\" > <div class=\"ti-inner\"> <div class=\"ti-review-header\"> <div class=\"ti-profile-img\"> <img decoding=\"async\" src=\"https:\/\/lh3.googleusercontent.com\/a-\/ALV-UjWcZcnYyoQ9ve-bsEAgUYCXF3KwJxTGEj0IuQbxO54ZcQ=s120-c-rp-mo-br100\" alt=\"ilan lan\" \/> <\/div> <div class=\"ti-profile-details\"> <div class=\"ti-name\"> ilan lan <\/div> <div class=\"ti-date\">2024-03-17<\/div> <\/div> <\/div> <span class=\"ti-stars\"><span class=\"ti-star f\"><\/span><span class=\"ti-star f\"><\/span><span class=\"ti-star f\"><\/span><span class=\"ti-star f\"><\/span><span class=\"ti-star f\"><\/span><\/span> <div class=\"ti-review-text-container ti-review-content\"><!-- R-CONTENT -->Best cars.Very good and clean<!-- R-CONTENT --><\/div> <span class=\"ti-read-more\" data-container=\".ti-review-content\" data-collapse-text=\"Hide\" data-open-text=\"Read more\" ><\/span> <\/div> <\/div>  <div data-empty=\"0\" class=\"ti-review-item source-Google\" > <div class=\"ti-inner\"> <div class=\"ti-review-header\"> <div class=\"ti-profile-img\"> <img decoding=\"async\" src=\"https:\/\/lh3.googleusercontent.com\/a-\/ALV-UjX334LwFqReWYhfm3z3t_MWXsUkeJ8UlrZ2BjSok2oaVw=s120-c-rp-mo-br100\" alt=\"\u00f6zg\u00fcr kepeli\" \/> <\/div> <div class=\"ti-profile-details\"> <div class=\"ti-name\"> \u00f6zg\u00fcr kepeli <\/div> <div class=\"ti-date\">2024-03-14<\/div> <\/div> <\/div> <span class=\"ti-stars\"><span class=\"ti-star f\"><\/span><span class=\"ti-star f\"><\/span><span class=\"ti-star f\"><\/span><span class=\"ti-star f\"><\/span><span class=\"ti-star f\"><\/span><\/span> <div class=\"ti-review-text-container ti-review-content\"><!-- R-CONTENT -->Nedim abi \u00e7ok yard\u0131mc\u0131 oldu bize ara\u00e7 konusunda fiyatlar da uygun .ayr\u0131ca futbol sohbetimiz de iyiydi .hvala<!-- R-CONTENT --><\/div> <span class=\"ti-read-more\" data-container=\".ti-review-content\" data-collapse-text=\"Hide\" data-open-text=\"Read more\" ><\/span> <\/div> <\/div>  <div data-empty=\"0\" class=\"ti-review-item source-Google\" > <div class=\"ti-inner\"> <div class=\"ti-review-header\"> <div class=\"ti-profile-img\"> <img decoding=\"async\" src=\"https:\/\/lh3.googleusercontent.com\/a-\/ALV-UjW2jzYeodBLxSBgKBHrgOZJhtsaAaHTmsTkuZxiNqvtIg=s120-c-rp-mo-br100\" alt=\"Bekir ILICA\" \/> <\/div> <div class=\"ti-profile-details\"> <div class=\"ti-name\"> Bekir ILICA <\/div> <div class=\"ti-date\">2024-03-13<\/div> <\/div> <\/div> <span class=\"ti-stars\"><span class=\"ti-star f\"><\/span><span class=\"ti-star f\"><\/span><span class=\"ti-star f\"><\/span><span class=\"ti-star f\"><\/span><span class=\"ti-star f\"><\/span><\/span> <div class=\"ti-review-text-container ti-review-content\"><!-- R-CONTENT -->Nedim bey' den kiralad\u0131k. Ger\u00e7ekten yard\u0131mc\u0131 oldu. Her \u015fey i\u00e7in te\u015fekk\u00fcrler.<!-- R-CONTENT --><\/div> <span class=\"ti-read-more\" data-container=\".ti-review-content\" data-collapse-text=\"Hide\" data-open-text=\"Read more\" ><\/span> <\/div> <\/div>  <div data-empty=\"0\" class=\"ti-review-item source-Google\" > <div class=\"ti-inner\"> <div class=\"ti-review-header\"> <div class=\"ti-profile-img\"> <img decoding=\"async\" src=\"https:\/\/lh3.googleusercontent.com\/a\/ACg8ocJ3trCvQwfHCTnYWmxDBbkiRm1X2XEslGrxG62N27ZJRA=s120-c-rp-mo-br100\" alt=\"Okan Onalan\" \/> <\/div> <div class=\"ti-profile-details\"> <div class=\"ti-name\"> Okan Onalan <\/div> <div class=\"ti-date\">2024-02-24<\/div> <\/div> <\/div> <span class=\"ti-stars\"><span class=\"ti-star f\"><\/span><span class=\"ti-star f\"><\/span><span class=\"ti-star f\"><\/span><span class=\"ti-star f\"><\/span><span class=\"ti-star f\"><\/span><\/span> <div class=\"ti-review-text-container ti-review-content\"><!-- R-CONTENT -->Rented my car from Nedim the owner and have to say he exceeded my expectations.\n\nFrom start to finish he has always assisted me and provided me with excellent service, super friendly as well.\n\nHighly recommend to anyone in Mostar looking to rent a car!<!-- R-CONTENT --><\/div> <span class=\"ti-read-more\" data-container=\".ti-review-content\" data-collapse-text=\"Hide\" data-open-text=\"Read more\" ><\/span> <\/div> <\/div>  <div data-empty=\"0\" class=\"ti-review-item source-Google\" > <div class=\"ti-inner\"> <div class=\"ti-review-header\"> <div class=\"ti-profile-img\"> <img decoding=\"async\" src=\"https:\/\/lh3.googleusercontent.com\/a\/ACg8ocJQdY9SBN6VuAw6lxVsrKkVG3ZH44VuZmiJbefzvotr=s120-c-rp-mo-br100\" alt=\"Aldin Coralic\" \/> <\/div> <div class=\"ti-profile-details\"> <div class=\"ti-name\"> Aldin Coralic <\/div> <div class=\"ti-date\">2023-09-06<\/div> <\/div> <\/div> <span class=\"ti-stars\"><span class=\"ti-star f\"><\/span><span class=\"ti-star f\"><\/span><span class=\"ti-star f\"><\/span><span class=\"ti-star f\"><\/span><span class=\"ti-star f\"><\/span><\/span> <div class=\"ti-review-text-container ti-review-content\"><!-- R-CONTENT -->Najbolji car rental u Bosni i Herzegovinu.<!-- R-CONTENT --><\/div> <span class=\"ti-read-more\" data-container=\".ti-review-content\" data-collapse-text=\"Hide\" data-open-text=\"Read more\" ><\/span> <\/div> <\/div>  <div data-empty=\"0\" class=\"ti-review-item source-Google\" > <div class=\"ti-inner\"> <div class=\"ti-review-header\"> <div class=\"ti-profile-img\"> <img decoding=\"async\" src=\"https:\/\/lh3.googleusercontent.com\/a-\/ALV-UjXIohZM7yHeFBkZV9PJ-jzacZdg77BTZbIw3uZDUXcLDtg5=s120-c-rp-mo-br100\" alt=\"Thomas F\" \/> <\/div> <div class=\"ti-profile-details\"> <div class=\"ti-name\"> Thomas F <\/div> <div class=\"ti-date\">2023-08-27<\/div> <\/div> <\/div> <span class=\"ti-stars\"><span class=\"ti-star f\"><\/span><span class=\"ti-star f\"><\/span><span class=\"ti-star f\"><\/span><span class=\"ti-star f\"><\/span><span class=\"ti-star f\"><\/span><\/span> <div class=\"ti-review-text-container ti-review-content\"><!-- R-CONTENT -->Very welcoming and friendly owners, great price for a LPG fueled car (\u20ac0,60 per liter). We had a slight issue and they responded right away and fixed it. Would definitely recommend hiring a car here. Hvala Robert! See you again \ud83d\ude42<!-- R-CONTENT --><\/div> <span class=\"ti-read-more\" data-container=\".ti-review-content\" data-collapse-text=\"Hide\" data-open-text=\"Read more\" ><\/span> <\/div> <\/div>  <div data-empty=\"0\" class=\"ti-review-item source-Google\" > <div class=\"ti-inner\"> <div class=\"ti-review-header\"> <div class=\"ti-profile-img\"> <img decoding=\"async\" src=\"https:\/\/lh3.googleusercontent.com\/a\/ACg8ocLDEkg-EQy4uT0X0_U1nNvSalIf2d2ENCxPu9d_LpP9=s120-c-rp-mo-br100\" alt=\"Maya Ombasic\" \/> <\/div> <div class=\"ti-profile-details\"> <div class=\"ti-name\"> Maya Ombasic <\/div> <div class=\"ti-date\">2023-08-22<\/div> <\/div> <\/div> <span class=\"ti-stars\"><span class=\"ti-star f\"><\/span><span class=\"ti-star f\"><\/span><span class=\"ti-star f\"><\/span><span class=\"ti-star f\"><\/span><span class=\"ti-star f\"><\/span><\/span> <div class=\"ti-review-text-container ti-review-content\"><!-- R-CONTENT -->Savrsena usluga, top profesionalci od pocetka do kraja...ne samo da preporucujem nego se vracam opet ovoj agenciji cim mi bude potrebno.<!-- R-CONTENT --><\/div> <span class=\"ti-read-more\" data-container=\".ti-review-content\" data-collapse-text=\"Hide\" data-open-text=\"Read more\" ><\/span> <\/div> <\/div>  <div data-empty=\"0\" class=\"ti-review-item source-Google\" > <div class=\"ti-inner\"> <div class=\"ti-review-header\"> <div class=\"ti-profile-img\"> <img decoding=\"async\" src=\"https:\/\/lh3.googleusercontent.com\/a\/ACg8ocIZwUUf-FGsJl73b77s54R2wG2WXiZ_5NU6CBR8srNx=s120-c-rp-mo-br100\" alt=\"uppsaladeepclean uppsaladeepclean\" \/> <\/div> <div class=\"ti-profile-details\"> <div class=\"ti-name\"> uppsaladeepclean uppsaladeepclean <\/div> <div class=\"ti-date\">2023-06-23<\/div> <\/div> <\/div> <span class=\"ti-stars\"><span class=\"ti-star f\"><\/span><span class=\"ti-star f\"><\/span><span class=\"ti-star f\"><\/span><span class=\"ti-star f\"><\/span><span class=\"ti-star f\"><\/span><\/span> <div class=\"ti-review-text-container ti-review-content\"><!-- R-CONTENT -->Thank you Artic , thank you for all.\n\nBest Regards<!-- R-CONTENT --><\/div> <span class=\"ti-read-more\" data-container=\".ti-review-content\" data-collapse-text=\"Hide\" data-open-text=\"Read more\" ><\/span> <\/div> <\/div>  <div data-empty=\"0\" class=\"ti-review-item source-Google\" > <div class=\"ti-inner\"> <div class=\"ti-review-header\"> <div class=\"ti-profile-img\"> <img decoding=\"async\" src=\"https:\/\/lh3.googleusercontent.com\/a\/ACg8ocI2wlNsZeRD8YGluCCqvsEhxRzZrtOsaEXXuez4pyNM=s120-c-rp-mo-br100\" alt=\"Daniel Daniel\" \/> <\/div> <div class=\"ti-profile-details\"> <div class=\"ti-name\"> Daniel Daniel <\/div> <div class=\"ti-date\">2023-06-23<\/div> <\/div> <\/div> <span class=\"ti-stars\"><span class=\"ti-star f\"><\/span><span class=\"ti-star f\"><\/span><span class=\"ti-star f\"><\/span><span class=\"ti-star f\"><\/span><span class=\"ti-star f\"><\/span><\/span> <div class=\"ti-review-text-container ti-review-content\"><!-- R-CONTENT -->What to say ??  A large selection of cars, staff at a high level of professionalism. Highly recommend .\nSee you again.\nDaniel Sweden<!-- R-CONTENT --><\/div> <span class=\"ti-read-more\" data-container=\".ti-review-content\" data-collapse-text=\"Hide\" data-open-text=\"Read more\" ><\/span> <\/div> <\/div>  <\/div> <div class=\"ti-controls-line\"> <div class=\"dot\"><\/div> <\/div> <\/div> <div class=\"ti-footer\"> <div class=\"ti-rating-text\"> <span class=\"nowrap\"><strong>Google<\/strong> rating score: <\/span><span class=\"nowrap\"><strong>4.2<\/strong> of 5, <\/span><span class=\"nowrap\">based on <strong>88 reviews<\/strong><\/span> <\/div> <\/div>  <\/div> <\/div> \n\n\t\t<\/div>\n\t<\/div>\n<div class=\"vc_icon_element vc_icon_element-outer wpb_animate_when_almost_visible wpb_fadeInUpBig fadeInUpBig vc_icon_element-align-center\"><div class=\"vc_icon_element-inner vc_icon_element-color-white vc_icon_element-size-lg vc_icon_element-style- vc_icon_element-background-color-grey\" ><span class=\"vc_icon_element-icon fas fa-chevron-down\" ><\/span><a class=\"vc_icon_element-link\" href=\"#!locations\"  title=\"\" target=\"_self\"><\/a><\/div><\/div><\/div><\/div><\/div><\/div><div class=\"vc_row-full-width vc_clearfix\"><\/div><div id=\"locations\" data-vc-full-width=\"true\" data-vc-full-width-init=\"false\" class=\"vc_row wpb_row vc_row-fluid vc_custom_1549245773004 vc_row-o-full-height vc_row-o-columns-middle vc_row-flex vc-slider-bg vc-slider-bg-253815\"><div class=\"wpb_column vc_column_container vc_col-sm-12\"><div class=\"vc_column-inner vc_custom_1461081838715\"><div class=\"wpb_wrapper\"><div class=\"fancy-title vc_custom_1571861486649 wpb_animate_when_almost_visible wpb_flipInX flipInX align_center\"><h2 class=\"vc_underline_title vc_title black\">Na\u0161e lokacije<\/h2><div class=\"vc_underline secondary_color_background\"><\/div><\/div>\n\t<div class=\"wpb_text_column wpb_content_element  align_center\" >\n\t\t<div class=\"wpb_wrapper\">\n\t\t\t<h6>Nudimo uslugu preuzimanja i vra\u0107anja po\u0161iljke za sljede\u0107e lokacije<\/h6>\n\n\t\t<\/div>\n\t<\/div>\n<div class=\"vc_tta-container\" data-vc-action=\"collapse\"><div class=\"vc_general vc_tta vc_tta-tabs vc_tta-color-grey vc_tta-style-classic vc_tta-shape-rounded vc_tta-spacing-1 vc_tta-tabs-position-top vc_tta-controls-align-left vc_custom_1549245659911\"><div class=\"vc_tta-tabs-container\"><ul class=\"vc_tta-tabs-list\"><li class=\"vc_tta-tab vc_active\" data-vc-tab><a href=\"#artic_trade_mostar\" data-vc-tabs data-vc-container=\".vc_tta\"><i class=\"vc_tta-icon fas fa-building\"><\/i><span class=\"vc_tta-title-text\">Artic Trade Mostar<\/span><\/a><\/li><li class=\"vc_tta-tab\" data-vc-tab><a href=\"#Mostar_Airport\" data-vc-tabs data-vc-container=\".vc_tta\"><i class=\"vc_tta-icon fas fa-plane-departure\"><\/i><span class=\"vc_tta-title-text\">Mostar Airport<\/span><\/a><\/li><li class=\"vc_tta-tab\" data-vc-tab><a href=\"#aarajevo_city\" data-vc-tabs data-vc-container=\".vc_tta\"><i class=\"vc_tta-icon fas fa-city\"><\/i><span class=\"vc_tta-title-text\">Sarajevo City<\/span><\/a><\/li><li class=\"vc_tta-tab\" data-vc-tab><a href=\"#sarajevo_sirport\" data-vc-tabs data-vc-container=\".vc_tta\"><i class=\"vc_tta-icon fas fa-plane-departure\"><\/i><span class=\"vc_tta-title-text\">Sarajevo Airport<\/span><\/a><\/li><li class=\"vc_tta-tab\" data-vc-tab><a href=\"#Banja_Luka_Airport\" data-vc-tabs data-vc-container=\".vc_tta\"><i class=\"vc_tta-icon fas fa-plane-departure\"><\/i><span class=\"vc_tta-title-text\">Banja Luka Airport<\/span><\/a><\/li><li class=\"vc_tta-tab\" data-vc-tab><a href=\"#Me\u0111ugorje\" data-vc-tabs data-vc-container=\".vc_tta\"><i class=\"vc_tta-icon fas fa-city\"><\/i><span class=\"vc_tta-title-text\">Me\u0111ugorje<\/span><\/a><\/li><li class=\"vc_tta-tab\" data-vc-tab><a href=\"#Tuzla_Airport\" data-vc-tabs data-vc-container=\".vc_tta\"><i class=\"vc_tta-icon fas fa-plane-departure\"><\/i><span class=\"vc_tta-title-text\">Tuzla Airport<\/span><\/a><\/li><\/ul><\/div><div class=\"vc_tta-panels-container\"><div class=\"vc_tta-panels\"><div class=\"vc_tta-panel vc_active\" id=\"artic_trade_mostar\" data-vc-content=\".vc_tta-panel-body\"><div class=\"vc_tta-panel-heading\"><h4 class=\"vc_tta-panel-title\"><a href=\"#artic_trade_mostar\" data-vc-accordion data-vc-container=\".vc_tta-container\"><i class=\"vc_tta-icon fas fa-building\"><\/i><span class=\"vc_tta-title-text\">Artic Trade Mostar<\/span><\/a><\/h4><\/div><div class=\"vc_tta-panel-body\"><div class=\"wpb_gmaps_widget wpb_content_element\"><div class=\"wpb_wrapper\"><div class=\"wpb_map_wraper\"><iframe src=\"https:\/\/www.google.com\/maps\/embed?pb=!1m18!1m12!1m3!1d10876.286798131658!2d17.802761794905397!3d43.34249445701768!2m3!1f0!2f0!3f0!3m2!1i1024!2i768!4f13.1!3m3!1m2!1s0x134b43a709974c89%3A0x1e94d8ff802ea04e!2sArtic%20Rent%20a%20Car!5e0!3m2!1sen!2sba!4v1650731749210!5m2!1sen!2sba\" width=\"635\" height=\"350\" style=\"border:0;\" allowfullscreen=\"\" loading=\"lazy\" referrerpolicy=\"no-referrer-when-downgrade\"><\/iframe><\/div><\/div><\/div><\/div><\/div><div class=\"vc_tta-panel\" id=\"Mostar_Airport\" data-vc-content=\".vc_tta-panel-body\"><div class=\"vc_tta-panel-heading\"><h4 class=\"vc_tta-panel-title\"><a href=\"#Mostar_Airport\" data-vc-accordion data-vc-container=\".vc_tta-container\"><i class=\"vc_tta-icon fas fa-plane-departure\"><\/i><span class=\"vc_tta-title-text\">Mostar Airport<\/span><\/a><\/h4><\/div><div class=\"vc_tta-panel-body\"><div class=\"wpb_gmaps_widget wpb_content_element\"><div class=\"wpb_wrapper\"><div class=\"wpb_map_wraper\"><iframe src=\"https:\/\/www.google.com\/maps\/embed?pb=!1m18!1m12!1m3!1d8577.866571688064!2d17.829338756978764!3d43.29005536815632!2m3!1f0!2f0!3f0!3m2!1i1024!2i768!4f13.1!3m3!1m2!1s0x134b681b31bea65f%3A0xbbc6ed4e33eedfbf!2sMostar%20International%20Airport!5e0!3m2!1sen!2sba!4v1650731850390!5m2!1sen!2sba\" width=\"635\" height=\"270\" style=\"border:0;\" allowfullscreen=\"\" loading=\"lazy\" referrerpolicy=\"no-referrer-when-downgrade\"><\/iframe><\/div><\/div><\/div><\/div><\/div><div class=\"vc_tta-panel\" id=\"aarajevo_city\" data-vc-content=\".vc_tta-panel-body\"><div class=\"vc_tta-panel-heading\"><h4 class=\"vc_tta-panel-title\"><a href=\"#aarajevo_city\" data-vc-accordion data-vc-container=\".vc_tta-container\"><i class=\"vc_tta-icon fas fa-city\"><\/i><span class=\"vc_tta-title-text\">Sarajevo City<\/span><\/a><\/h4><\/div><div class=\"vc_tta-panel-body\"><div class=\"wpb_gmaps_widget wpb_content_element\"><div class=\"wpb_wrapper\"><div class=\"wpb_map_wraper\"><iframe src=\"https:\/\/www.google.com\/maps\/embed?pb=!1m18!1m12!1m3!1d26020.516470255716!2d18.388711092088357!3d43.85876033280363!2m3!1f0!2f0!3f0!3m2!1i1024!2i768!4f13.1!3m3!1m2!1s0x4758cbb1ed719bd1%3A0x562ecda6de87b33e!2sSarajevo!5e0!3m2!1sen!2sba!4v1650869760649!5m2!1sen!2sba\" width=\"635\" height=\"270\" style=\"border:0;\" allowfullscreen=\"\" loading=\"lazy\" referrerpolicy=\"no-referrer-when-downgrade\"><\/iframe><\/div><\/div><\/div><\/div><\/div><div class=\"vc_tta-panel\" id=\"sarajevo_sirport\" data-vc-content=\".vc_tta-panel-body\"><div class=\"vc_tta-panel-heading\"><h4 class=\"vc_tta-panel-title\"><a href=\"#sarajevo_sirport\" data-vc-accordion data-vc-container=\".vc_tta-container\"><i class=\"vc_tta-icon fas fa-plane-departure\"><\/i><span class=\"vc_tta-title-text\">Sarajevo Airport<\/span><\/a><\/h4><\/div><div class=\"vc_tta-panel-body\"><div class=\"wpb_gmaps_widget wpb_content_element\"><div class=\"wpb_wrapper\"><div class=\"wpb_map_wraper\"><iframe src=\"https:\/\/www.google.com\/maps\/embed?pb=!1m18!1m12!1m3!1d2878.377559261602!2d18.33457515544383!3d43.82726883784368!2m3!1f0!2f0!3f0!3m2!1i1024!2i768!4f13.1!3m3!1m2!1s0x4758c9f5798e6ed3%3A0x4418069785b9985a!2sSarajevo%20International%20Airport!5e0!3m2!1sen!2sba!4v1650869885117!5m2!1sen!2sba\" width=\"635\" height=\"270\" style=\"border:0;\" allowfullscreen=\"\" loading=\"lazy\" referrerpolicy=\"no-referrer-when-downgrade\"><\/iframe><\/div><\/div><\/div><\/div><\/div><div class=\"vc_tta-panel\" id=\"Banja_Luka_Airport\" data-vc-content=\".vc_tta-panel-body\"><div class=\"vc_tta-panel-heading\"><h4 class=\"vc_tta-panel-title\"><a href=\"#Banja_Luka_Airport\" data-vc-accordion data-vc-container=\".vc_tta-container\"><i class=\"vc_tta-icon fas fa-plane-departure\"><\/i><span class=\"vc_tta-title-text\">Banja Luka Airport<\/span><\/a><\/h4><\/div><div class=\"vc_tta-panel-body\"><div class=\"wpb_gmaps_widget wpb_content_element\"><div class=\"wpb_wrapper\"><div class=\"wpb_map_wraper\"><iframe src=\"https:\/\/www.google.com\/maps\/embed?pb=!1m18!1m12!1m3!1d20573.50193843153!2d17.292922554163297!3d44.92805837055211!2m3!1f0!2f0!3f0!3m2!1i1024!2i768!4f13.1!3m3!1m2!1s0x475dfedd7be12b43%3A0xd93ee8208177c576!2sBanja%20Luka%20International%20Airport!5e0!3m2!1sen!2sba!4v1650869990088!5m2!1sen!2sba\" width=\"635\" height=\"270\" style=\"border:0;\" allowfullscreen=\"\" loading=\"lazy\" referrerpolicy=\"no-referrer-when-downgrade\"><\/iframe><\/div><\/div><\/div><\/div><\/div><div class=\"vc_tta-panel\" id=\"Me\u0111ugorje\" data-vc-content=\".vc_tta-panel-body\"><div class=\"vc_tta-panel-heading\"><h4 class=\"vc_tta-panel-title\"><a href=\"#Me\u0111ugorje\" data-vc-accordion data-vc-container=\".vc_tta-container\"><i class=\"vc_tta-icon fas fa-city\"><\/i><span class=\"vc_tta-title-text\">Me\u0111ugorje<\/span><\/a><\/h4><\/div><div class=\"vc_tta-panel-body\"><div class=\"wpb_gmaps_widget wpb_content_element\"><div class=\"wpb_wrapper\"><div class=\"wpb_map_wraper\"><iframe src=\"https:\/\/www.google.com\/maps\/embed?pb=!1m18!1m12!1m3!1d23267.20356135288!2d17.64409650672459!3d43.201089580465855!2m3!1f0!2f0!3f0!3m2!1i1024!2i768!4f13.1!3m3!1m2!1s0x134b6d2f8d4fe3b5%3A0x9dc250dd6284739d!2sMe%C4%91ugorje!5e0!3m2!1sen!2sba!4v1650870092398!5m2!1sen!2sba\" width=\"635\" height=\"270\" style=\"border:0;\" allowfullscreen=\"\" loading=\"lazy\" referrerpolicy=\"no-referrer-when-downgrade\"><\/iframe><\/div><\/div><\/div><\/div><\/div><div class=\"vc_tta-panel\" id=\"Tuzla_Airport\" data-vc-content=\".vc_tta-panel-body\"><div class=\"vc_tta-panel-heading\"><h4 class=\"vc_tta-panel-title\"><a href=\"#Tuzla_Airport\" data-vc-accordion data-vc-container=\".vc_tta-container\"><i class=\"vc_tta-icon fas fa-plane-departure\"><\/i><span class=\"vc_tta-title-text\">Tuzla Airport<\/span><\/a><\/h4><\/div><div class=\"vc_tta-panel-body\"><div class=\"wpb_gmaps_widget wpb_content_element\"><div class=\"wpb_wrapper\"><div class=\"wpb_map_wraper\"><iframe src=\"https:\/\/www.google.com\/maps\/embed?pb=!1m18!1m12!1m3!1d8410.671958847199!2d18.7048943913979!3d44.46289976144158!2m3!1f0!2f0!3f0!3m2!1i1024!2i768!4f13.1!3m3!1m2!1s0x47594c4b034166fd%3A0xc9469f1813308590!2sTuzla%20International%20Airport!5e0!3m2!1sen!2sba!4v1650870437095!5m2!1sen!2sba\" width=\"635\" height=\"270\" style=\"border:0;\" allowfullscreen=\"\" loading=\"lazy\" referrerpolicy=\"no-referrer-when-downgrade\"><\/iframe><\/div><\/div><\/div><\/div><\/div><\/div><\/div><\/div><\/div><\/div><\/div><\/div><\/div><div class=\"vc_row-full-width vc_clearfix\"><\/div><div class=\"vc_row wpb_row vc_row-fluid vc-slider-bg vc-slider-bg-560018\"><div class=\"wpb_column vc_column_container vc_col-sm-12\"><div class=\"vc_column-inner\"><div class=\"wpb_wrapper\">\n\t<div class=\"wpb_text_column wpb_content_element\" >\n\t\t<div class=\"wpb_wrapper\">\n\t\t\t<blockquote>\n<p style=\"text-align: center;\">Rent a Car Mostar Artic Trade<\/p>\n<\/blockquote>\n\n\t\t<\/div>\n\t<\/div>\n<\/div><\/div><\/div><\/div>","protected":false},"excerpt":{"rendered":"Rent a Car Mostar Artic TradeMake your trip awesome Pick-up Location Pick-Up Information Pick-Up City &amp; Location:1. Artic Trade - Home - Mostarskog bataljona bb2. Mostar Airport - Ortije\u0161 bb3. Sarajevo City - Sarajevo bb4. Sarajevo Airport - Kurta Schorka 365. Banja Luka Airport - Mahovljani bb6. Me\u0111ugorje - Me\u0111ugorje bb7. Tuzla Airport - Luke [...]","protected":false},"author":1,"featured_media":3159,"parent":0,"menu_order":0,"comment_status":"closed","ping_status":"closed","template":"homepage.php","meta":{"footnotes":"","_links_to":"","_links_to_target":""},"class_list":["post-240","page","type-page","status-publish","has-post-thumbnail","hentry"],"yoast_head":"<!-- This site is optimized with the Yoast SEO plugin v22.3 - https:\/\/yoast.com\/wordpress\/plugins\/seo\/ -->\n<title>Rent a Car Mostar Artic Trade - Rent a Car Mostar<\/title>\n<meta name=\"description\" content=\"Rent a Car Mostar Artic Trade. Car rental. Hire Car Mostar. Najam vozila Mostar. Rent a Car Agencija. Renta Car Mostar. Mostar rent.\" \/>\n<meta name=\"robots\" content=\"index, follow, max-snippet:-1, max-image-preview:large, max-video-preview:-1\" \/>\n<link rel=\"canonical\" href=\"https:\/\/artic.ba\/bs\/\" \/>\n<meta property=\"og:locale\" content=\"bs_BA\" \/>\n<meta property=\"og:type\" content=\"article\" \/>\n<meta property=\"og:title\" content=\"Rent a Car Mostar Artic Trade - Rent a Car Mostar\" \/>\n<meta property=\"og:description\" content=\"Rent a Car Mostar Artic Trade. Car rental. Hire Car Mostar. Najam vozila Mostar. Rent a Car Agencija. Renta Car Mostar. Mostar rent.\" \/>\n<meta property=\"og:url\" content=\"https:\/\/artic.ba\/bs\/\" \/>\n<meta property=\"og:site_name\" content=\"Rent a Car Mostar\" \/>\n<meta property=\"article:publisher\" content=\"https:\/\/www.facebook.com\/Artic-Rent-a-Car-Mostar-549202751914507\" \/>\n<meta property=\"article:modified_time\" content=\"2023-03-04T21:49:12+00:00\" \/>\n<meta property=\"og:image\" content=\"https:\/\/artic.ba\/wp-content\/uploads\/2023\/03\/Ren-A-Car-Mostar-Artic-Trade.gif\" \/>\n\t<meta property=\"og:image:width\" content=\"1200\" \/>\n\t<meta property=\"og:image:height\" content=\"630\" \/>\n\t<meta property=\"og:image:type\" content=\"image\/gif\" \/>\n<meta name=\"twitter:card\" content=\"summary_large_image\" \/>\n<meta name=\"twitter:label1\" content=\"Est. reading time\" \/>\n\t<meta name=\"twitter:data1\" content=\"3 minute\" \/>\n<script type=\"application\/ld+json\" class=\"yoast-schema-graph\">{\"@context\":\"https:\/\/schema.org\",\"@graph\":[{\"@type\":\"WebPage\",\"@id\":\"https:\/\/artic.ba\/\",\"url\":\"https:\/\/artic.ba\/\",\"name\":\"Rent a Car Mostar Artic Trade - Rent a Car Mostar\",\"isPartOf\":{\"@id\":\"https:\/\/artic.ba\/#website\"},\"primaryImageOfPage\":{\"@id\":\"https:\/\/artic.ba\/#primaryimage\"},\"image\":{\"@id\":\"https:\/\/artic.ba\/#primaryimage\"},\"thumbnailUrl\":\"https:\/\/artic.ba\/wp-content\/uploads\/2023\/03\/Ren-A-Car-Mostar-Artic-Trade.gif\",\"datePublished\":\"2017-03-07T13:21:22+00:00\",\"dateModified\":\"2023-03-04T21:49:12+00:00\",\"description\":\"Rent a Car Mostar Artic Trade. Car rental. Hire Car Mostar. Najam vozila Mostar. Rent a Car Agencija. Renta Car Mostar. Mostar rent.\",\"breadcrumb\":{\"@id\":\"https:\/\/artic.ba\/#breadcrumb\"},\"inLanguage\":\"bs-BA\",\"potentialAction\":[{\"@type\":\"ReadAction\",\"target\":[\"https:\/\/artic.ba\/\"]}]},{\"@type\":\"ImageObject\",\"inLanguage\":\"bs-BA\",\"@id\":\"https:\/\/artic.ba\/#primaryimage\",\"url\":\"https:\/\/artic.ba\/wp-content\/uploads\/2023\/03\/Ren-A-Car-Mostar-Artic-Trade.gif\",\"contentUrl\":\"https:\/\/artic.ba\/wp-content\/uploads\/2023\/03\/Ren-A-Car-Mostar-Artic-Trade.gif\",\"width\":1200,\"height\":630,\"caption\":\"Ren A Car Mostar Artic Trade\"},{\"@type\":\"BreadcrumbList\",\"@id\":\"https:\/\/artic.ba\/#breadcrumb\",\"itemListElement\":[{\"@type\":\"ListItem\",\"position\":1,\"name\":\"Home\",\"item\":\"https:\/\/artic.ba\/\"},{\"@type\":\"ListItem\",\"position\":2,\"name\":\"Home\"}]},{\"@type\":\"WebSite\",\"@id\":\"https:\/\/artic.ba\/#website\",\"url\":\"https:\/\/artic.ba\/\",\"name\":\"Rent a Car Mostar\",\"description\":\"Car Rental Agency Mostar\",\"publisher\":{\"@id\":\"https:\/\/artic.ba\/#organization\"},\"potentialAction\":[{\"@type\":\"SearchAction\",\"target\":{\"@type\":\"EntryPoint\",\"urlTemplate\":\"https:\/\/artic.ba\/?s={search_term_string}\"},\"query-input\":\"required name=search_term_string\"}],\"inLanguage\":\"bs-BA\"},{\"@type\":\"Organization\",\"@id\":\"https:\/\/artic.ba\/#organization\",\"name\":\"Rent a Car Mostar - Artic Rent a Car\",\"url\":\"https:\/\/artic.ba\/\",\"logo\":{\"@type\":\"ImageObject\",\"inLanguage\":\"bs-BA\",\"@id\":\"https:\/\/artic.ba\/#\/schema\/logo\/image\/\",\"url\":\"https:\/\/artic.ba\/wp-content\/uploads\/2023\/03\/artic-new-logo-800.jpg\",\"contentUrl\":\"https:\/\/artic.ba\/wp-content\/uploads\/2023\/03\/artic-new-logo-800.jpg\",\"width\":800,\"height\":800,\"caption\":\"Rent a Car Mostar - Artic Rent a Car\"},\"image\":{\"@id\":\"https:\/\/artic.ba\/#\/schema\/logo\/image\/\"},\"sameAs\":[\"https:\/\/www.facebook.com\/Artic-Rent-a-Car-Mostar-549202751914507\",\"https:\/\/www.instagram.com\/articrentacar\/\"]}]}<\/script>\n<!-- \/ Yoast SEO plugin. -->","yoast_head_json":{"title":"Rent a Car Mostar Artic Trade - Rent a Car Mostar","description":"Rent a Car Mostar Artic Trade. Car rental. Hire Car Mostar. Najam vozila Mostar. Rent a Car Agencija. Renta Car Mostar. Mostar rent.","robots":{"index":"index","follow":"follow","max-snippet":"max-snippet:-1","max-image-preview":"max-image-preview:large","max-video-preview":"max-video-preview:-1"},"canonical":"https:\/\/artic.ba\/bs\/","og_locale":"bs_BA","og_type":"article","og_title":"Rent a Car Mostar Artic Trade - Rent a Car Mostar","og_description":"Rent a Car Mostar Artic Trade. Car rental. Hire Car Mostar. Najam vozila Mostar. Rent a Car Agencija. Renta Car Mostar. Mostar rent.","og_url":"https:\/\/artic.ba\/bs\/","og_site_name":"Rent a Car Mostar","article_publisher":"https:\/\/www.facebook.com\/Artic-Rent-a-Car-Mostar-549202751914507","article_modified_time":"2023-03-04T21:49:12+00:00","og_image":[{"width":1200,"height":630,"url":"https:\/\/artic.ba\/wp-content\/uploads\/2023\/03\/Ren-A-Car-Mostar-Artic-Trade.gif","type":"image\/gif"}],"twitter_card":"summary_large_image","twitter_misc":{"Est. reading time":"3 minute"},"schema":{"@context":"https:\/\/schema.org","@graph":[{"@type":"WebPage","@id":"https:\/\/artic.ba\/","url":"https:\/\/artic.ba\/","name":"Rent a Car Mostar Artic Trade - Rent a Car Mostar","isPartOf":{"@id":"https:\/\/artic.ba\/#website"},"primaryImageOfPage":{"@id":"https:\/\/artic.ba\/#primaryimage"},"image":{"@id":"https:\/\/artic.ba\/#primaryimage"},"thumbnailUrl":"https:\/\/artic.ba\/wp-content\/uploads\/2023\/03\/Ren-A-Car-Mostar-Artic-Trade.gif","datePublished":"2017-03-07T13:21:22+00:00","dateModified":"2023-03-04T21:49:12+00:00","description":"Rent a Car Mostar Artic Trade. Car rental. Hire Car Mostar. Najam vozila Mostar. Rent a Car Agencija. Renta Car Mostar. Mostar rent.","breadcrumb":{"@id":"https:\/\/artic.ba\/#breadcrumb"},"inLanguage":"bs-BA","potentialAction":[{"@type":"ReadAction","target":["https:\/\/artic.ba\/"]}]},{"@type":"ImageObject","inLanguage":"bs-BA","@id":"https:\/\/artic.ba\/#primaryimage","url":"https:\/\/artic.ba\/wp-content\/uploads\/2023\/03\/Ren-A-Car-Mostar-Artic-Trade.gif","contentUrl":"https:\/\/artic.ba\/wp-content\/uploads\/2023\/03\/Ren-A-Car-Mostar-Artic-Trade.gif","width":1200,"height":630,"caption":"Ren A Car Mostar Artic Trade"},{"@type":"BreadcrumbList","@id":"https:\/\/artic.ba\/#breadcrumb","itemListElement":[{"@type":"ListItem","position":1,"name":"Home","item":"https:\/\/artic.ba\/"},{"@type":"ListItem","position":2,"name":"Home"}]},{"@type":"WebSite","@id":"https:\/\/artic.ba\/#website","url":"https:\/\/artic.ba\/","name":"Rent a Car Mostar","description":"Car Rental Agency Mostar","publisher":{"@id":"https:\/\/artic.ba\/#organization"},"potentialAction":[{"@type":"SearchAction","target":{"@type":"EntryPoint","urlTemplate":"https:\/\/artic.ba\/?s={search_term_string}"},"query-input":"required name=search_term_string"}],"inLanguage":"bs-BA"},{"@type":"Organization","@id":"https:\/\/artic.ba\/#organization","name":"Rent a Car Mostar - Artic Rent a Car","url":"https:\/\/artic.ba\/","logo":{"@type":"ImageObject","inLanguage":"bs-BA","@id":"https:\/\/artic.ba\/#\/schema\/logo\/image\/","url":"https:\/\/artic.ba\/wp-content\/uploads\/2023\/03\/artic-new-logo-800.jpg","contentUrl":"https:\/\/artic.ba\/wp-content\/uploads\/2023\/03\/artic-new-logo-800.jpg","width":800,"height":800,"caption":"Rent a Car Mostar - Artic Rent a Car"},"image":{"@id":"https:\/\/artic.ba\/#\/schema\/logo\/image\/"},"sameAs":["https:\/\/www.facebook.com\/Artic-Rent-a-Car-Mostar-549202751914507","https:\/\/www.instagram.com\/articrentacar\/"]}]}},"_links":{"self":[{"href":"https:\/\/artic.ba\/bs\/wp-json\/wp\/v2\/pages\/240","targetHints":{"allow":["GET"]}}],"collection":[{"href":"https:\/\/artic.ba\/bs\/wp-json\/wp\/v2\/pages"}],"about":[{"href":"https:\/\/artic.ba\/bs\/wp-json\/wp\/v2\/types\/page"}],"author":[{"embeddable":true,"href":"https:\/\/artic.ba\/bs\/wp-json\/wp\/v2\/users\/1"}],"replies":[{"embeddable":true,"href":"https:\/\/artic.ba\/bs\/wp-json\/wp\/v2\/comments?post=240"}],"version-history":[{"count":21,"href":"https:\/\/artic.ba\/bs\/wp-json\/wp\/v2\/pages\/240\/revisions"}],"predecessor-version":[{"id":3138,"href":"https:\/\/artic.ba\/bs\/wp-json\/wp\/v2\/pages\/240\/revisions\/3138"}],"wp:featuredmedia":[{"embeddable":true,"href":"https:\/\/artic.ba\/bs\/wp-json\/wp\/v2\/media\/3159"}],"wp:attachment":[{"href":"https:\/\/artic.ba\/bs\/wp-json\/wp\/v2\/media?parent=240"}],"curies":[{"name":"wp","href":"https:\/\/api.w.org\/{rel}","templated":true}]}}